{"id":1861,"date":"2022-09-05T01:00:00","date_gmt":"2022-09-05T04:00:00","guid":{"rendered":"https:\/\/conexaomulhereseconomia.com.br\/?page_id=1861"},"modified":"2023-11-08T18:43:32","modified_gmt":"2023-11-08T21:43:32","slug":"artigos-selecionados-2","status":"publish","type":"page","link":"https:\/\/conexaomulhereseconomia.com.br\/?page_id=1861","title":{"rendered":"Artigos Selecionados &#8211; 2\u00ba Enconex\u00e3o"},"content":{"rendered":"\n<h4 id=\"Topo\" style=\"color:white;\">.<\/h4>\n\n\n\n<p class=\"has-text-align-center\" style=\"font-size:28px\"><strong>2\u00ba Enconex\u00e3o | CM&amp;E<\/strong><\/p>\n\n\n\n<br>\n\n\n\n<p class=\"has-text-align-center\"><a href=\"#Session1\">Economia Feminista<\/a><br><a href=\"#Session2\">Economia da Sa\u00fade<\/a><br><a href=\"#Session3\">Economia do Trabalho e da Educa\u00e7\u00e3o<\/a><br><a href=\"#Session4\">Macroeconomia e Finan\u00e7as<\/a><br><a href=\"#Session5\">Economia Pol\u00edtica, Social e Demogr\u00e1fica<\/a><br><a href=\"#Session6\">Desenvolvimento Econ\u00f4mico e Sustentabilidade Ambiental<\/a><\/p>\n\n\n\n<br><br><br><br><br><br><br>\n\n\n\n<hr class=\"wp-block-separator has-css-opacity is-style-wide\"\/>\n\n\n\n<h4 id=\"Session1\">Economia Feminista<\/h4>\n\n\n\n<div class=\"wp-block-file\"><a href=\"https:\/\/conexaomulhereseconomia.com.br\/wp-content\/uploads\/2022\/09\/A-travestilidade-e-transexuliadade-no-mercado-de-trabalho-uma-analise-para-a-cidade-de-Belem.pdf\" target=\"_blank\" rel=\"noopener\">A travestilidade e transexuliadade no mercado de trabalho: uma an\u00e1lise para a cidade de Bel\u00e9m<\/a><a href=\"https:\/\/conexaomulhereseconomia.com.br\/wp-content\/uploads\/2022\/09\/A-travestilidade-e-transexuliadade-no-mercado-de-trabalho-uma-analise-para-a-cidade-de-Belem.pdf\" class=\"wp-block-file__button\" download=\"\">Baixar<\/a>\n<a href=\"#videoid1\" class=\"wp-block-file__button\" style=\"background:rgba(217,165,181,0.91);color:black;\">Assistir apresenta\u00e7\u00e3o<\/a>\n<\/div>\n\n\n\n<div class=\"wp-block-file\"><a href=\"https:\/\/conexaomulhereseconomia.com.br\/wp-content\/uploads\/2022\/09\/Existe-retorno-na-experiencia-de-migracao-para-as-mulheres-empreendedoras-ou-assalariadas.pdf\" target=\"_blank\" rel=\"noopener\">Existe retorno na experi\u00eancia de migra\u00e7\u00e3o para as mulheres empreendedoras ou assalariadas?<\/a><a href=\"https:\/\/conexaomulhereseconomia.com.br\/wp-content\/uploads\/2022\/09\/Existe-retorno-na-experiencia-de-migracao-para-as-mulheres-empreendedoras-ou-assalariadas.pdf\" class=\"wp-block-file__button\" download=\"\">Baixar<\/a>\n<a href=\"#videoid2\" class=\"wp-block-file__button\" style=\"background:rgba(217,165,181,0.91);color:black;\">Assistir apresenta\u00e7\u00e3o<\/a>\n<\/div>\n\n\n\n<div class=\"wp-block-file\"><a href=\"https:\/\/conexaomulhereseconomia.com.br\/wp-content\/uploads\/2022\/09\/Mulheres-economistas-uma-analise-de-genero-nas-academias.pdf\" target=\"_blank\" rel=\"noopener\">Mulheres economistas: uma an\u00e1lise de g\u00eanero nas academias<\/a><a href=\"https:\/\/conexaomulhereseconomia.com.br\/wp-content\/uploads\/2022\/09\/Mulheres-economistas-uma-analise-de-genero-nas-academias.pdf\" class=\"wp-block-file__button\" download=\"\">Baixar<\/a><\/div>\n\n\n\n<div class=\"wp-block-file\"><a href=\"https:\/\/conexaomulhereseconomia.com.br\/wp-content\/uploads\/2022\/09\/O-espaco-das-mulheres-nos-innovation-studies-uma-analise-bibliometrica.pdf\" target=\"_blank\" rel=\"noopener\">O espa\u00e7o das mulheres nos innovation studies: uma an\u00e1lise bibliom\u00e9trica<\/a><a href=\"https:\/\/conexaomulhereseconomia.com.br\/wp-content\/uploads\/2022\/09\/O-espaco-das-mulheres-nos-innovation-studies-uma-analise-bibliometrica.pdf\" class=\"wp-block-file__button\" download=\"\">Baixar<\/a>\n<a href=\"#videoid3\" class=\"wp-block-file__button\" style=\"background:rgba(217,165,181,0.91);color:black;\">Assistir apresenta\u00e7\u00e3o<\/a>\n<\/div>\n\n\n\n<div class=\"wp-block-file\"><a href=\"https:\/\/conexaomulhereseconomia.com.br\/wp-content\/uploads\/2022\/09\/Uma-Analise-sobre-remuneracao-entre-homens-e-mulheres-no-por-genero-durante-o-periodo-da-pandemia-um-estudo-do-setor-cultural.pdf\" target=\"_blank\" rel=\"noopener\">Uma an\u00e1lise sobre remunera\u00e7\u00e3o entre homens e mulheres no por g\u00eanero durante o per\u00edodo da pandemia: um estudo do setor cultural<\/a><a href=\"https:\/\/conexaomulhereseconomia.com.br\/wp-content\/uploads\/2022\/09\/Uma-Analise-sobre-remuneracao-entre-homens-e-mulheres-no-por-genero-durante-o-periodo-da-pandemia-um-estudo-do-setor-cultural.pdf\" class=\"wp-block-file__button\" download=\"\">Baixar<\/a><\/div>\n\n\n\n<div class=\"wp-block-buttons is-layout-flex wp-block-buttons-is-layout-flex\">\n<div class=\"wp-block-button\"><a class=\"wp-block-button__link\" href=\"#Topo\">Topo<\/a><\/div>\n<\/div>\n\n\n\n<br><br>\n\n\n\n<h4 id=\"Session2\">Economia da Sa\u00fade<\/h4>\n\n\n\n<div class=\"wp-block-file\"><a href=\"https:\/\/conexaomulhereseconomia.com.br\/wp-content\/uploads\/2022\/09\/O-Papel-da-Universidade-na-Interacao-Universidade-Empresa-um-estudo-de-multiplos-casos-das-empresas-do-setor-farmaceutico-do-Rio-Grande-do-Sul.pdf\" target=\"_blank\" rel=\"noopener\">O papel da universidade na intera\u00e7\u00e3o universidade-empresa: um estudo de m\u00faltiplos casos das empresas do setor farmac\u00eautico do Rio Grande do Sul<\/a><a href=\"https:\/\/conexaomulhereseconomia.com.br\/wp-content\/uploads\/2022\/09\/O-Papel-da-Universidade-na-Interacao-Universidade-Empresa-um-estudo-de-multiplos-casos-das-empresas-do-setor-farmaceutico-do-Rio-Grande-do-Sul.pdf\" class=\"wp-block-file__button\" download=\"\">Baixar<\/a><\/div>\n\n\n\n<div class=\"wp-block-buttons is-layout-flex wp-block-buttons-is-layout-flex\">\n<div class=\"wp-block-button\"><a class=\"wp-block-button__link\" href=\"#Topo\">Topo<\/a><\/div>\n<\/div>\n\n\n\n<br><br>\n\n\n\n<h4 id=\"Session3\">Economia do Trabalho e da Educa\u00e7\u00e3o<\/h4>\n\n\n\n<div class=\"wp-block-file\"><a href=\"https:\/\/conexaomulhereseconomia.com.br\/wp-content\/uploads\/2022\/09\/A-geracao-Z-chega-a-universidade-caracteristicas-socioeconomicas-dos-possiveis-concluintes-de-cursos-superiores-no-brasil-entre-2017-e-2019.pdf\" target=\"_blank\" rel=\"noopener\">A gera\u00e7\u00e3o Z chega \u00e0 universidade: caracter\u00edsticas socioecon\u00f4micas dos poss\u00edveis concluintes de cursos superiores no brasil entre 2017 e 2019<\/a><a href=\"https:\/\/conexaomulhereseconomia.com.br\/wp-content\/uploads\/2022\/09\/A-geracao-Z-chega-a-universidade-caracteristicas-socioeconomicas-dos-possiveis-concluintes-de-cursos-superiores-no-brasil-entre-2017-e-2019.pdf\" class=\"wp-block-file__button\" download=\"\">Baixar<\/a><\/div>\n\n\n\n<div class=\"wp-block-file\"><a href=\"https:\/\/conexaomulhereseconomia.com.br\/wp-content\/uploads\/2022\/09\/Distribuicao-espacial-das-ocupacoes-criativas-no-Rio-Grande-do-Sul.pdf\" target=\"_blank\" rel=\"noopener\">Distribui\u00e7\u00e3o espacial das ocupa\u00e7\u00f5es criativas no Rio Grande do Sul<\/a><a href=\"https:\/\/conexaomulhereseconomia.com.br\/wp-content\/uploads\/2022\/09\/Distribuicao-espacial-das-ocupacoes-criativas-no-Rio-Grande-do-Sul.pdf\" class=\"wp-block-file__button\" download=\"\">Baixar<\/a><\/div>\n\n\n\n<div class=\"wp-block-file\"><a href=\"https:\/\/conexaomulhereseconomia.com.br\/wp-content\/uploads\/2022\/09\/Infraestrutura-tecnologica-e-desempenho-escolar-uma-analise-a-partir-da-abordagem-das-capacitacoes.pdf\" target=\"_blank\" rel=\"noopener\">Infraestrutura tecnol\u00f3gica e desempenho escolar: uma an\u00e1lise a partir da abordagem das capacita\u00e7\u00f5es<\/a><a href=\"https:\/\/conexaomulhereseconomia.com.br\/wp-content\/uploads\/2022\/09\/Infraestrutura-tecnologica-e-desempenho-escolar-uma-analise-a-partir-da-abordagem-das-capacitacoes.pdf\" class=\"wp-block-file__button\" download=\"\">Baixar<\/a><\/div>\n\n\n\n<div class=\"wp-block-file\"><a href=\"https:\/\/conexaomulhereseconomia.com.br\/wp-content\/uploads\/2022\/09\/Mulheres-na-Cultura-um-recorte-dos-vinculos-no-setor-cultural-da-regiao-Metropolitana-de-Porto-Alegre-no-periodo-da-pandemia.pdf\" target=\"_blank\" rel=\"noopener\">Mulheres na Cultura: um recorte dos v\u00ednculos no setor cultural da regi\u00e3o Metropolitana de Porto Alegre no per\u00edodo da pandemia<\/a><a href=\"https:\/\/conexaomulhereseconomia.com.br\/wp-content\/uploads\/2022\/09\/Mulheres-na-Cultura-um-recorte-dos-vinculos-no-setor-cultural-da-regiao-Metropolitana-de-Porto-Alegre-no-periodo-da-pandemia.pdf\" class=\"wp-block-file__button\" download=\"\">Baixar<\/a><\/div>\n\n\n\n<div class=\"wp-block-file\"><a href=\"https:\/\/conexaomulhereseconomia.com.br\/wp-content\/uploads\/2022\/09\/Segregacao-ocupacional-por-genero-no-mercado-de-trabalho-brasileiro-uma-analise-atraves-da-abordagem-das-capacitacoes.pdf\" target=\"_blank\" rel=\"noopener\">Segrega\u00e7\u00e3o ocupacional por g\u00eanero no mercado de trabalho brasileiro: uma an\u00e1lise atrav\u00e9s da abordagem das capacita\u00e7\u00f5es<\/a><a href=\"https:\/\/conexaomulhereseconomia.com.br\/wp-content\/uploads\/2022\/09\/Segregacao-ocupacional-por-genero-no-mercado-de-trabalho-brasileiro-uma-analise-atraves-da-abordagem-das-capacitacoes.pdf\" class=\"wp-block-file__button\" download=\"\">Baixar<\/a><\/div>\n\n\n\n<div class=\"wp-block-buttons is-layout-flex wp-block-buttons-is-layout-flex\">\n<div class=\"wp-block-button\"><a class=\"wp-block-button__link\" href=\"#Topo\">Topo<\/a><\/div>\n<\/div>\n\n\n\n<br><br>\n\n\n\n<h4 id=\"Session4\">Macroeconomia e Finan\u00e7as<\/h4>\n\n\n\n<div class=\"wp-block-file\"><a href=\"https:\/\/conexaomulhereseconomia.com.br\/wp-content\/uploads\/2022\/09\/Comportamento-do-consumidor-e-propaganda.pdf\" target=\"_blank\" rel=\"noopener\">Comportamento do consumidor e propaganda<\/a><a href=\"https:\/\/conexaomulhereseconomia.com.br\/wp-content\/uploads\/2022\/09\/Comportamento-do-consumidor-e-propaganda.pdf\" class=\"wp-block-file__button\" download=\"\">Baixar<\/a><\/div>\n\n\n\n<div class=\"wp-block-file\"><a href=\"https:\/\/conexaomulhereseconomia.com.br\/wp-content\/uploads\/2022\/09\/Literatura-brasileira-na-china-exportando-cultura-e-ampliando-mercados.pdf\" target=\"_blank\" rel=\"noopener\">Literatura brasileira na China: exportando cultura e ampliando mercados<\/a><a href=\"https:\/\/conexaomulhereseconomia.com.br\/wp-content\/uploads\/2022\/09\/Literatura-brasileira-na-china-exportando-cultura-e-ampliando-mercados.pdf\" class=\"wp-block-file__button\" download=\"\">Baixar<\/a>\n<a href=\"#videoid4\" class=\"wp-block-file__button\" style=\"background:rgba(217,165,181,0.91);color:black;\">Assistir apresenta\u00e7\u00e3o<\/a>\n<\/div>\n\n\n\n<div class=\"wp-block-file\"><a href=\"https:\/\/conexaomulhereseconomia.com.br\/wp-content\/uploads\/2022\/09\/O-Brasil-no-comercio-internacional-OMC-disputas-acordos-e-perfil-de-comercio.pdf\" target=\"_blank\" rel=\"noopener\">O Brasil no com\u00e9rcio internacional: OMC, disputas, acordos e perfil de com\u00e9rcio<\/a><a href=\"https:\/\/conexaomulhereseconomia.com.br\/wp-content\/uploads\/2022\/09\/O-Brasil-no-comercio-internacional-OMC-disputas-acordos-e-perfil-de-comercio.pdf\" class=\"wp-block-file__button\" download=\"\">Baixar<\/a><\/div>\n\n\n\n<div class=\"wp-block-file\"><a href=\"https:\/\/conexaomulhereseconomia.com.br\/wp-content\/uploads\/2022\/09\/Teorias-de-comercio-internacional-uma-breve-revisao.pdf\" target=\"_blank\" rel=\"noopener\">Teorias de com\u00e9rcio internacional: uma breve revis\u00e3o<\/a><a href=\"https:\/\/conexaomulhereseconomia.com.br\/wp-content\/uploads\/2022\/09\/Teorias-de-comercio-internacional-uma-breve-revisao.pdf\" class=\"wp-block-file__button\" download=\"\">Baixar<\/a>\n<a href=\"#videoid5\" class=\"wp-block-file__button\" style=\"background:rgba(217,165,181,0.91);color:black;\">Assistir apresenta\u00e7\u00e3o<\/a>\n<\/div>\n\n\n\n<div class=\"wp-block-buttons is-layout-flex wp-block-buttons-is-layout-flex\">\n<div class=\"wp-block-button\"><a class=\"wp-block-button__link\" href=\"#Topo\">Topo<\/a><\/div>\n<\/div>\n\n\n\n<br><br>\n\n\n\n<h4 id=\"Session5\">Economia Pol\u00edtica, Social e Demogr\u00e1fica<\/h4>\n\n\n\n<div class=\"wp-block-file\"><a href=\"https:\/\/conexaomulhereseconomia.com.br\/wp-content\/uploads\/2022\/09\/Padrao-de-vida-no-territorio-de-identidade-de-Vitoria-da-Conquista-Bahia-uma-analise-a-partir-dos-censos-2000-e-2010.pdf\" target=\"_blank\" rel=\"noopener\">Padr\u00e3o de vida no territ\u00f3rio de identidade de Vit\u00f3ria da Conquista-Bahia: uma an\u00e1lise a partir dos censos 2000 e 2010<\/a><a href=\"https:\/\/conexaomulhereseconomia.com.br\/wp-content\/uploads\/2022\/09\/Padrao-de-vida-no-territorio-de-identidade-de-Vitoria-da-Conquista-Bahia-uma-analise-a-partir-dos-censos-2000-e-2010.pdf\" class=\"wp-block-file__button\" download=\"\">Baixar<\/a><br>\n<a href=\"#videoid6\" class=\"wp-block-file__button\" style=\"background:rgba(217,165,181,0.91);color:black;\">Assistir apresenta\u00e7\u00e3o<\/a>\n<\/div>\n\n\n\n<div class=\"wp-block-buttons is-layout-flex wp-block-buttons-is-layout-flex\">\n<div class=\"wp-block-button\"><a class=\"wp-block-button__link\" href=\"#Topo\">Topo<\/a><\/div>\n<\/div>\n\n\n\n<br><br>\n\n\n\n<h4 id=\"Session6\">Desenvolvimento Econ\u00f4mico e Sustentabilidade Ambiental<\/h4>\n\n\n\n<div class=\"wp-block-file\"><a href=\"https:\/\/conexaomulhereseconomia.com.br\/wp-content\/uploads\/2022\/09\/A-pandemia-de-covid-19-e-seus-feitos-sobre-a-inseguranca-alimentar-no-Brasil.pdf\" target=\"_blank\" rel=\"noopener\">A pandemia de covid-19 e seus feitos sobre a inseguran\u00e7a alimentar no Brasil<\/a><a href=\"https:\/\/conexaomulhereseconomia.com.br\/wp-content\/uploads\/2022\/09\/A-pandemia-de-covid-19-e-seus-feitos-sobre-a-inseguranca-alimentar-no-Brasil.pdf\" class=\"wp-block-file__button\" download=\"\">Baixar<\/a><\/div>\n\n\n\n<div class=\"wp-block-file\"><a href=\"https:\/\/conexaomulhereseconomia.com.br\/wp-content\/uploads\/2022\/09\/Desenvolvimento-humano-e-educacao-um-estudo-do-municipio-de-Butia-RS.pdf\" target=\"_blank\" rel=\"noopener\">Desenvolvimento humano e educa\u00e7\u00e3o: um estudo do munic\u00edpio de Buti\u00e1 (RS)<\/a><a href=\"https:\/\/conexaomulhereseconomia.com.br\/wp-content\/uploads\/2022\/09\/Desenvolvimento-humano-e-educacao-um-estudo-do-municipio-de-Butia-RS.pdf\" class=\"wp-block-file__button\" download=\"\">Baixar<\/a>\n<a href=\"#videoid7\" class=\"wp-block-file__button\" style=\"background:rgba(217,165,181,0.91);color:black;\">Assistir apresenta\u00e7\u00e3o<\/a>\n<\/div>\n\n\n\n<div class=\"wp-block-file\"><a href=\"https:\/\/conexaomulhereseconomia.com.br\/wp-content\/uploads\/2022\/09\/Emprego-e-renda-em-Gravatai-RS-um-estudo-do-desenvolvimento-socioeconomico-do-municipio.pdf\" target=\"_blank\" rel=\"noopener\">Emprego e renda em Gravata\u00ed (RS): um estudo do desenvolvimento socioecon\u00f4mico do munic\u00edpio<\/a><a href=\"https:\/\/conexaomulhereseconomia.com.br\/wp-content\/uploads\/2022\/09\/Emprego-e-renda-em-Gravatai-RS-um-estudo-do-desenvolvimento-socioeconomico-do-municipio.pdf\" class=\"wp-block-file__button\" download=\"\">Baixar<\/a>\n<\/div>\n\n\n\n<div class=\"wp-block-file\"><a href=\"https:\/\/conexaomulhereseconomia.com.br\/wp-content\/uploads\/2022\/09\/Empresas-familiares-contribuicoes-para-economia-brasileira.pdf\" target=\"_blank\" rel=\"noopener\">Empresas familiares: contribui\u00e7\u00f5es para economia brasileira<\/a><a href=\"https:\/\/conexaomulhereseconomia.com.br\/wp-content\/uploads\/2022\/09\/Empresas-familiares-contribuicoes-para-economia-brasileira.pdf\" class=\"wp-block-file__button\" download=\"\">Baixar<\/a><\/div>\n\n\n\n<div class=\"wp-block-file\"><a href=\"https:\/\/conexaomulhereseconomia.com.br\/wp-content\/uploads\/2022\/09\/Negocios-para-adiar-o-fim-do-mundo-estudo-sobre-empreendedorismo-sustentavel-em-Mato-Grosso.pdf\" target=\"_blank\" rel=\"noopener\">Neg\u00f3cios para adiar o fim do mundo: estudo sobre empreendedorismo sustent\u00e1vel em Mato Grosso<\/a><a href=\"https:\/\/conexaomulhereseconomia.com.br\/wp-content\/uploads\/2022\/09\/Negocios-para-adiar-o-fim-do-mundo-estudo-sobre-empreendedorismo-sustentavel-em-Mato-Grosso.pdf\" class=\"wp-block-file__button\" download=\"\">Baixar<\/a>\n<a href=\"#videoid8\" class=\"wp-block-file__button\" style=\"background:rgba(217,165,181,0.91);color:black;\">Assistir apresenta\u00e7\u00e3o<\/a>\n<\/div>\n\n\n\n<div class=\"wp-block-file\"><a href=\"https:\/\/conexaomulhereseconomia.com.br\/wp-content\/uploads\/2022\/09\/Poluicao-ambiental-uma-analise-espacial-do-tratamento-de-efluentes-dos-municipios-brasileiros-e-o-papel-da-gestao-feminina.pdf\" target=\"_blank\" rel=\"noopener\">Polui\u00e7\u00e3o ambiental: uma an\u00e1lise espacial do tratamento de efluentes dos munic\u00edpios brasileiros e o papel da gest\u00e3o feminina<\/a><a href=\"https:\/\/conexaomulhereseconomia.com.br\/wp-content\/uploads\/2022\/09\/Poluicao-ambiental-uma-analise-espacial-do-tratamento-de-efluentes-dos-municipios-brasileiros-e-o-papel-da-gestao-feminina.pdf\" class=\"wp-block-file__button\" download=\"\">Baixar<\/a><\/div>\n\n\n\n<div class=\"wp-block-file\"><a href=\"https:\/\/conexaomulhereseconomia.com.br\/wp-content\/uploads\/2022\/09\/Um-esboco-acerca-da-formacao-de-clusters-nos-municipios-do-Para.pdf\" target=\"_blank\" rel=\"noopener\">Um esbo\u00e7o acerca da forma\u00e7\u00e3o de clusters nos munic\u00edpios do Par\u00e1<\/a><a href=\"https:\/\/conexaomulhereseconomia.com.br\/wp-content\/uploads\/2022\/09\/Um-esboco-acerca-da-formacao-de-clusters-nos-municipios-do-Para.pdf\" class=\"wp-block-file__button\" download=\"\">Baixar<\/a><\/div>\n\n\n\n<div class=\"wp-block-buttons is-layout-flex wp-block-buttons-is-layout-flex\">\n<div class=\"wp-block-button\"><a class=\"wp-block-button__link\" href=\"#Topo\">Topo<\/a><\/div>\n<\/div>\n\n\n\n<br>\n\n\n\n<hr class=\"wp-block-separator has-alpha-channel-opacity is-style-wide\"\/>\n<center><p class=\"has-text-align-center\" id=\"videoid1\"><strong>A travestilidade e transexuliadade no mercado de trabalho: uma an\u00e1lise para a cidade de Bel\u00e9m<\/strong><\/p><\/center>\n<figure class=\"wp-block-video\"><video style=\"border: 5px solid black\" controls src=\"https:\/\/conexaomulhereseconomia.com.br\/wp-content\/uploads\/2022\/09\/A-travestilidade-e-transexuliadade-no-mercado-de-trabalho-uma-analise-para-a-cidade-de-Belem.mp4\" controlsList=\"nodownload nofullscreen\"><\/video><\/figure>\n<div class=\"wp-block-buttons\" style=\"float:right;\"><div class=\"wp-block-button\"><center><a class=\"wp-block-button__link\" href=\"#Topo\">Voltar<\/a><\/center><\/div><\/div>\n<br>\n\n\n\n<hr class=\"wp-block-separator has-alpha-channel-opacity is-style-wide\">\n<center><p class=\"has-text-align-center\" id=\"videoid2\"><strong>Existe retorno na experi\u00eancia de migra\u00e7\u00e3o para as mulheres empreendedoras ou assalariadas<\/strong><\/p><\/center>\n<figure class=\"wp-block-video\"><video style=\"border: 5px solid black\" controls=\"\" src=\"https:\/\/conexaomulhereseconomia.com.br\/wp-content\/uploads\/2022\/09\/Existe-retorno-na-experiencia-de-migracao-para-as-mulheres-empreendedoras-ou-assalariadas.mp4\" controlsList=\"nodownload nofullscreen\"><\/video><\/figure>\n<div class=\"wp-block-buttons\" style=\"float:right;\"><div class=\"wp-block-button\"><center><a class=\"wp-block-button__link\" href=\"#Topo\">Voltar<\/a><\/center><\/div><\/div>\n<br>\n\n\n\n<hr class=\"wp-block-separator has-alpha-channel-opacity is-style-wide\">\n<center><p class=\"has-text-align-center\" id=\"videoid3\"><strong>O espa\u00e7o das mulheres nos innovation studies: uma an\u00e1lise bibliom\u00e9trica<\/strong><\/p><\/center>\n<figure class=\"wp-block-video\"><video style=\"border: 5px solid black\" controls=\"\" src=\"https:\/\/conexaomulhereseconomia.com.br\/wp-content\/uploads\/2022\/09\/O-espaco-das-mulheres-nos-innovation-studies-uma-analise-bibliometrica.mp4\" controlsList=\"nodownload nofullscreen\"><\/video><\/figure>\n<div class=\"wp-block-buttons\" style=\"float:right;\"><div class=\"wp-block-button\"><center><a class=\"wp-block-button__link\" href=\"#Topo\">Voltar<\/a><\/center><\/div><\/div>\n<br>\n\n\n\n<hr class=\"wp-block-separator has-alpha-channel-opacity is-style-wide\"\/>\n<center><p class=\"has-text-align-center\" id=\"videoid4\"><strong>Literatura brasileira na China: exportando cultura e ampliando mercados<\/strong><\/p><\/center>\n<figure class=\"wp-block-video\"><video style=\"border: 5px solid black\" controls src=\"https:\/\/conexaomulhereseconomia.com.br\/wp-content\/uploads\/2022\/09\/Literatura-brasileira-na-China-exportando-cultura-e-ampliando-mercados.mp4\" controlsList=\"nodownload nofullscreen\"><\/video><\/figure>\n<div class=\"wp-block-buttons\" style=\"float:right;\"><div class=\"wp-block-button\"><center><a class=\"wp-block-button__link\" href=\"#Topo\">Voltar<\/a><\/center><\/div><\/div>\n<br>\n\n\n\n<hr class=\"wp-block-separator has-alpha-channel-opacity is-style-wide\"\/>\n<center><p class=\"has-text-align-center\" id=\"videoid5\"><strong>Teorias de com\u00e9rcio internacional: uma breve revis\u00e3o<\/strong><\/p><\/center>\n<figure class=\"wp-block-video\"><video style=\"border: 5px solid black\" controls src=\"https:\/\/conexaomulhereseconomia.com.br\/wp-content\/uploads\/2022\/09\/Teorias-de-comercio-internacional-uma-breve-revisao.mp4\" controlsList=\"nodownload nofullscreen\"><\/video><\/figure>\n<div class=\"wp-block-buttons\" style=\"float:right;\"><div class=\"wp-block-button\"><center><a class=\"wp-block-button__link\" href=\"#Topo\">Voltar<\/a><\/center><\/div><\/div>\n<br>\n\n\n\n<hr class=\"wp-block-separator has-alpha-channel-opacity is-style-wide\"\/>\n<center><p class=\"has-text-align-center\" id=\"videoid6\"><strong>Padr\u00e3o de vida no territ\u00f3rio de identidade de Vit\u00f3ria da Conquista \u2013 Bahia: uma an\u00e1lise a partir dos censos 2000 e 2010<\/strong><\/p><\/center>\n<figure class=\"wp-block-video\"><video style=\"border: 5px solid black\" controls src=\"https:\/\/conexaomulhereseconomia.com.br\/wp-content\/uploads\/2022\/09\/Padrao-de-vida-no-territorio-de-identidade-de-Vitoria-da-Conquista-Bahia-uma-analise-a-partir-dos-censos-2000-e-2010.mp4\" controlsList=\"nodownload nofullscreen\"><\/video><\/figure>\n<div class=\"wp-block-buttons\" style=\"float:right;\"><div class=\"wp-block-button\"><center><a class=\"wp-block-button__link\" href=\"#Topo\">Voltar<\/a><\/center><\/div><\/div>\n<br>\n\n\n\n<hr class=\"wp-block-separator has-alpha-channel-opacity is-style-wide\">\n<center><p class=\"has-text-align-center\" id=\"videoid7\"><strong>Desenvolvimento humano e educa\u00e7\u00e3o: um estudo do munic\u00edpio de Buti\u00e1 (RS)<\/strong><\/p><\/center>\n<figure class=\"wp-block-video\"><video style=\"border: 5px solid black\" controls=\"\" src=\"https:\/\/conexaomulhereseconomia.com.br\/wp-content\/uploads\/2022\/09\/Desenvolvimento-humano-e-educacao-um-estudo-do-municipio-de-Butia-RS.mp4\" controlsList=\"nodownload nofullscreen\"><\/video><\/figure>\n<div class=\"wp-block-buttons\" style=\"float:right;\"><div class=\"wp-block-button\"><center><a class=\"wp-block-button__link\" href=\"#Topo\">Voltar<\/a><\/center><\/div><\/div>\n<br>\n\n\n\n<hr class=\"wp-block-separator has-alpha-channel-opacity is-style-wide\"\/>\n<center><p class=\"has-text-align-center\" id=\"videoid8\"><strong>Neg\u00f3cios para adiar o fim do mundo: estudo sobre empreendedorismo sustent\u00e1vel em Mato Grosso<\/strong><\/p><\/center>\n<figure class=\"wp-block-video\"><video style=\"border: 5px solid black\" controls src=\"https:\/\/conexaomulhereseconomia.com.br\/wp-content\/uploads\/2022\/09\/Negocios-para-adiar-o-fim-do-mundo-estudo-sobre-empreendedorismo-sustentavel-em-Mato-Grosso.mp4\" controlsList=\"nodownload nofullscreen\"><\/video><\/figure>\n<div class=\"wp-block-buttons\" style=\"float:right;\"><div class=\"wp-block-button\"><center><a class=\"wp-block-button__link\" href=\"#Topo\">Voltar<\/a><\/center><\/div><\/div>\n<br>\n\n\n\n\n<hr class=\"wp-block-separator has-alpha-channel-opacity is-style-wide\"\/>\n\n\n\n<br><br><br><br>\n","protected":false},"excerpt":{"rendered":"<p>. 2\u00ba Enconex\u00e3o | CM&amp;E Economia FeministaEconomia da Sa\u00fadeEconomia do Trabalho e da Educa\u00e7\u00e3oMacroeconomia e Finan\u00e7asEconomia Pol\u00edtica, Social e Demogr\u00e1ficaDesenvolvimento Econ\u00f4mico e Sustentabilidade Ambiental Economia Feminista A travestilidade e transexuliadade no mercado de trabalho: uma an\u00e1lise para a cidade de Bel\u00e9mBaixar Assistir apresenta\u00e7\u00e3o Existe retorno na experi\u00eancia de migra\u00e7\u00e3o para as mulheres empreendedoras ou assalariadas?Baixar&hellip;&nbsp;<a href=\"https:\/\/conexaomulhereseconomia.com.br\/?page_id=1861\" class=\"\" rel=\"bookmark\">Continue a ler &raquo;<span class=\"screen-reader-text\">Artigos Selecionados &#8211; 2\u00ba Enconex\u00e3o<\/span><\/a><\/p>\n","protected":false},"author":1,"featured_media":0,"parent":1751,"menu_order":3,"comment_status":"closed","ping_status":"closed","template":"","meta":{"neve_meta_sidebar":"full-width","neve_meta_container":"","neve_meta_enable_content_width":"on","neve_meta_content_width":100,"neve_meta_title_alignment":"","neve_meta_author_avatar":"","neve_post_elements_order":"","neve_meta_disable_header":"","neve_meta_disable_footer":"","neve_meta_disable_title":"on","footnotes":""},"class_list":["post-1861","page","type-page","status-publish","hentry"],"_links":{"self":[{"href":"https:\/\/conexaomulhereseconomia.com.br\/index.php?rest_route=\/wp\/v2\/pages\/1861","targetHints":{"allow":["GET"]}}],"collection":[{"href":"https:\/\/conexaomulhereseconomia.com.br\/index.php?rest_route=\/wp\/v2\/pages"}],"about":[{"href":"https:\/\/conexaomulhereseconomia.com.br\/index.php?rest_route=\/wp\/v2\/types\/page"}],"author":[{"embeddable":true,"href":"https:\/\/conexaomulhereseconomia.com.br\/index.php?rest_route=\/wp\/v2\/users\/1"}],"replies":[{"embeddable":true,"href":"https:\/\/conexaomulhereseconomia.com.br\/index.php?rest_route=%2Fwp%2Fv2%2Fcomments&post=1861"}],"version-history":[{"count":54,"href":"https:\/\/conexaomulhereseconomia.com.br\/index.php?rest_route=\/wp\/v2\/pages\/1861\/revisions"}],"predecessor-version":[{"id":2322,"href":"https:\/\/conexaomulhereseconomia.com.br\/index.php?rest_route=\/wp\/v2\/pages\/1861\/revisions\/2322"}],"up":[{"embeddable":true,"href":"https:\/\/conexaomulhereseconomia.com.br\/index.php?rest_route=\/wp\/v2\/pages\/1751"}],"wp:attachment":[{"href":"https:\/\/conexaomulhereseconomia.com.br\/index.php?rest_route=%2Fwp%2Fv2%2Fmedia&parent=1861"}],"curies":[{"name":"wp","href":"https:\/\/api.w.org\/{rel}","templated":true}]}}